{"id":132,"date":"2014-01-14T21:05:14","date_gmt":"2014-01-14T21:05:14","guid":{"rendered":"http:\/\/www.ejeatb.es\/?page_id=132"},"modified":"2022-09-02T13:30:40","modified_gmt":"2022-09-02T13:30:40","slug":"trabajos-2","status":"publish","type":"page","link":"https:\/\/www.ejeatb.es\/?page_id=132","title":{"rendered":"Trabajos"},"content":{"rendered":"\n<p>Grabaci\u00f3n videoclip &#8220;Es el Sistema&#8221; de Manolo Kabezabolo y los los ke no dan pie kon bolo. Videoclip realizado por Artur Bardav\u00edo y en el que Ejea TB realizamos la tarea de grabaci\u00f3n con dron y gimbal.<\/p>\n\n\n\n<figure class=\"wp-block-embed is-type-video is-provider-youtube wp-block-embed-youtube wp-embed-aspect-16-9 wp-has-aspect-ratio\"><div class=\"wp-block-embed__wrapper\">\n<iframe loading=\"lazy\" title=\"Manolo Kabezabolo y los ke no dan pie kon bolo -  Es el sistema (videoclip oficial)\" width=\"584\" height=\"329\" src=\"https:\/\/www.youtube.com\/embed\/17xRoNwUV_Y?feature=oembed\" frameborder=\"0\" allow=\"accelerometer; autoplay; clipboard-write; encrypted-media; gyroscope; picture-in-picture; web-share\" referrerpolicy=\"strict-origin-when-cross-origin\" allowfullscreen><\/iframe>\n<\/div><\/figure>\n\n\n\n<p>XXV Marat\u00f3n de F\u00fatbol Sala Villa de Ejea.<\/p>\n\n\n\n<figure class=\"wp-block-image\"><a href=\"https:\/\/vimeopro.com\/ejeatb\/maraton-de-futbol-sala-2019\" target=\"_blank\" rel=\"noreferrer noopener\"><img data-recalc-dims=\"1\" loading=\"lazy\" decoding=\"async\" width=\"584\" height=\"149\" data-attachment-id=\"689\" data-permalink=\"https:\/\/www.ejeatb.es\/?attachment_id=689\" data-orig-file=\"https:\/\/i0.wp.com\/www.ejeatb.es\/wp-content\/uploads\/2019\/05\/baner.jpg?fit=980%2C250&amp;ssl=1\" data-orig-size=\"980,250\" data-comments-opened=\"0\" data-image-meta=\"{&quot;aperture&quot;:&quot;0&quot;,&quot;credit&quot;:&quot;&quot;,&quot;camera&quot;:&quot;&quot;,&quot;caption&quot;:&quot;&quot;,&quot;created_timestamp&quot;:&quot;0&quot;,&quot;copyright&quot;:&quot;&quot;,&quot;focal_length&quot;:&quot;0&quot;,&quot;iso&quot;:&quot;0&quot;,&quot;shutter_speed&quot;:&quot;0&quot;,&quot;title&quot;:&quot;&quot;,&quot;orientation&quot;:&quot;1&quot;}\" data-image-title=\"baner\" data-image-description=\"\" data-image-caption=\"\" data-medium-file=\"https:\/\/i0.wp.com\/www.ejeatb.es\/wp-content\/uploads\/2019\/05\/baner.jpg?fit=500%2C128&amp;ssl=1\" data-large-file=\"https:\/\/i0.wp.com\/www.ejeatb.es\/wp-content\/uploads\/2019\/05\/baner.jpg?fit=584%2C149&amp;ssl=1\" src=\"https:\/\/i0.wp.com\/www.ejeatb.es\/wp-content\/uploads\/2019\/05\/baner.jpg?resize=584%2C149&#038;ssl=1\" alt=\"XXV Marat\u00f3n de F\u00fatbol Sala Villa de Ejea.\" class=\"wp-image-689\" srcset=\"https:\/\/i0.wp.com\/www.ejeatb.es\/wp-content\/uploads\/2019\/05\/baner.jpg?w=980&amp;ssl=1 980w, https:\/\/i0.wp.com\/www.ejeatb.es\/wp-content\/uploads\/2019\/05\/baner.jpg?resize=500%2C128&amp;ssl=1 500w, https:\/\/i0.wp.com\/www.ejeatb.es\/wp-content\/uploads\/2019\/05\/baner.jpg?resize=768%2C196&amp;ssl=1 768w\" sizes=\"auto, (max-width: 584px) 100vw, 584px\" \/><\/a><figcaption><br><br><\/figcaption><\/figure>\n\n\n<p>Reuni\u00f3n T\u00e9cnica &#8220;Optimizaci\u00f3n del Regad\u00edo&#8221;<\/p>\n<p><a href=\"https:\/\/vimeopro.com\/ejeatb\/reunion-tecnica-optimizacion-del-regadio\"><img data-recalc-dims=\"1\" loading=\"lazy\" decoding=\"async\" data-attachment-id=\"517\" data-permalink=\"https:\/\/www.ejeatb.es\/?attachment_id=517\" data-orig-file=\"https:\/\/i0.wp.com\/www.ejeatb.es\/wp-content\/uploads\/2018\/04\/regentes1.jpg?fit=980%2C250&amp;ssl=1\" data-orig-size=\"980,250\" data-comments-opened=\"0\" data-image-meta=\"{&quot;aperture&quot;:&quot;0&quot;,&quot;credit&quot;:&quot;&quot;,&quot;camera&quot;:&quot;&quot;,&quot;caption&quot;:&quot;&quot;,&quot;created_timestamp&quot;:&quot;0&quot;,&quot;copyright&quot;:&quot;&quot;,&quot;focal_length&quot;:&quot;0&quot;,&quot;iso&quot;:&quot;0&quot;,&quot;shutter_speed&quot;:&quot;0&quot;,&quot;title&quot;:&quot;&quot;,&quot;orientation&quot;:&quot;1&quot;}\" data-image-title=\"regentes1\" data-image-description=\"\" data-image-caption=\"\" data-medium-file=\"https:\/\/i0.wp.com\/www.ejeatb.es\/wp-content\/uploads\/2018\/04\/regentes1.jpg?fit=500%2C128&amp;ssl=1\" data-large-file=\"https:\/\/i0.wp.com\/www.ejeatb.es\/wp-content\/uploads\/2018\/04\/regentes1.jpg?fit=584%2C149&amp;ssl=1\" class=\"alignleft size-full wp-image-517\" src=\"https:\/\/i0.wp.com\/www.ejeatb.es\/wp-content\/uploads\/2018\/04\/regentes1.jpg?resize=584%2C149&#038;ssl=1\" alt=\"\" width=\"584\" height=\"149\" srcset=\"https:\/\/i0.wp.com\/www.ejeatb.es\/wp-content\/uploads\/2018\/04\/regentes1.jpg?w=980&amp;ssl=1 980w, https:\/\/i0.wp.com\/www.ejeatb.es\/wp-content\/uploads\/2018\/04\/regentes1.jpg?resize=500%2C128&amp;ssl=1 500w, https:\/\/i0.wp.com\/www.ejeatb.es\/wp-content\/uploads\/2018\/04\/regentes1.jpg?resize=768%2C196&amp;ssl=1 768w\" sizes=\"auto, (max-width: 584px) 100vw, 584px\" \/><\/a>Marat\u00f3n de F\u00fatbol Sala &#8220;Villa de Ejea&#8221; 2018<a href=\"https:\/\/vimeopro.com\/ejeatb\/maraton-futbol-sala-2018\" target=\"_blank\" rel=\"noopener noreferrer\"><img data-recalc-dims=\"1\" loading=\"lazy\" decoding=\"async\" data-attachment-id=\"515\" data-permalink=\"https:\/\/www.ejeatb.es\/?attachment_id=515\" data-orig-file=\"https:\/\/i0.wp.com\/www.ejeatb.es\/wp-content\/uploads\/2018\/04\/2342341.jpg?fit=980%2C250&amp;ssl=1\" data-orig-size=\"980,250\" data-comments-opened=\"0\" data-image-meta=\"{&quot;aperture&quot;:&quot;0&quot;,&quot;credit&quot;:&quot;&quot;,&quot;camera&quot;:&quot;&quot;,&quot;caption&quot;:&quot;&quot;,&quot;created_timestamp&quot;:&quot;0&quot;,&quot;copyright&quot;:&quot;&quot;,&quot;focal_length&quot;:&quot;0&quot;,&quot;iso&quot;:&quot;0&quot;,&quot;shutter_speed&quot;:&quot;0&quot;,&quot;title&quot;:&quot;&quot;,&quot;orientation&quot;:&quot;1&quot;}\" data-image-title=\"2342341\" data-image-description=\"\" data-image-caption=\"\" data-medium-file=\"https:\/\/i0.wp.com\/www.ejeatb.es\/wp-content\/uploads\/2018\/04\/2342341.jpg?fit=500%2C128&amp;ssl=1\" data-large-file=\"https:\/\/i0.wp.com\/www.ejeatb.es\/wp-content\/uploads\/2018\/04\/2342341.jpg?fit=584%2C149&amp;ssl=1\" class=\"alignleft size-full wp-image-515\" src=\"https:\/\/i0.wp.com\/www.ejeatb.es\/wp-content\/uploads\/2018\/04\/2342341.jpg?resize=584%2C149&#038;ssl=1\" alt=\"\" width=\"584\" height=\"149\" srcset=\"https:\/\/i0.wp.com\/www.ejeatb.es\/wp-content\/uploads\/2018\/04\/2342341.jpg?w=980&amp;ssl=1 980w, https:\/\/i0.wp.com\/www.ejeatb.es\/wp-content\/uploads\/2018\/04\/2342341.jpg?resize=500%2C128&amp;ssl=1 500w, https:\/\/i0.wp.com\/www.ejeatb.es\/wp-content\/uploads\/2018\/04\/2342341.jpg?resize=768%2C196&amp;ssl=1 768w\" sizes=\"auto, (max-width: 584px) 100vw, 584px\" \/><\/a><\/p>\n<p>Cosechadora de almendra Ten\u00edas, v\u00eddeo demostrativo de funcionamiento.<a href=\"https:\/\/vimeopro.com\/ejeatb\/recolectora-de-almendra-tenias\"><img data-recalc-dims=\"1\" loading=\"lazy\" decoding=\"async\" data-attachment-id=\"484\" data-permalink=\"https:\/\/www.ejeatb.es\/?attachment_id=484\" data-orig-file=\"https:\/\/i0.wp.com\/www.ejeatb.es\/wp-content\/uploads\/2014\/01\/baner1.jpg?fit=958%2C300&amp;ssl=1\" data-orig-size=\"958,300\" data-comments-opened=\"0\" data-image-meta=\"{&quot;aperture&quot;:&quot;0&quot;,&quot;credit&quot;:&quot;&quot;,&quot;camera&quot;:&quot;&quot;,&quot;caption&quot;:&quot;&quot;,&quot;created_timestamp&quot;:&quot;0&quot;,&quot;copyright&quot;:&quot;&quot;,&quot;focal_length&quot;:&quot;0&quot;,&quot;iso&quot;:&quot;0&quot;,&quot;shutter_speed&quot;:&quot;0&quot;,&quot;title&quot;:&quot;&quot;,&quot;orientation&quot;:&quot;1&quot;}\" data-image-title=\"baner1\" data-image-description=\"\" data-image-caption=\"\" data-medium-file=\"https:\/\/i0.wp.com\/www.ejeatb.es\/wp-content\/uploads\/2014\/01\/baner1.jpg?fit=500%2C157&amp;ssl=1\" data-large-file=\"https:\/\/i0.wp.com\/www.ejeatb.es\/wp-content\/uploads\/2014\/01\/baner1.jpg?fit=584%2C183&amp;ssl=1\" class=\"alignleft wp-image-484 size-full\" src=\"https:\/\/i0.wp.com\/www.ejeatb.es\/wp-content\/uploads\/2014\/01\/baner1.jpg?resize=584%2C183&#038;ssl=1\" alt=\"\" width=\"584\" height=\"183\" srcset=\"https:\/\/i0.wp.com\/www.ejeatb.es\/wp-content\/uploads\/2014\/01\/baner1.jpg?w=958&amp;ssl=1 958w, https:\/\/i0.wp.com\/www.ejeatb.es\/wp-content\/uploads\/2014\/01\/baner1.jpg?resize=500%2C157&amp;ssl=1 500w, https:\/\/i0.wp.com\/www.ejeatb.es\/wp-content\/uploads\/2014\/01\/baner1.jpg?resize=768%2C241&amp;ssl=1 768w\" sizes=\"auto, (max-width: 584px) 100vw, 584px\" \/><\/a><\/p>\n<p>\u00a0<\/p>\n<p><a href=\"https:\/\/vimeo.com\/channels\/aecv\" target=\"_blank\" rel=\"noopener noreferrer\"><img data-recalc-dims=\"1\" loading=\"lazy\" decoding=\"async\" data-attachment-id=\"332\" data-permalink=\"https:\/\/www.ejeatb.es\/?attachment_id=332\" data-orig-file=\"https:\/\/i0.wp.com\/www.ejeatb.es\/wp-content\/uploads\/2014\/01\/aecv1.jpg?fit=980%2C250&amp;ssl=1\" data-orig-size=\"980,250\" data-comments-opened=\"0\" data-image-meta=\"{&quot;aperture&quot;:&quot;0&quot;,&quot;credit&quot;:&quot;&quot;,&quot;camera&quot;:&quot;&quot;,&quot;caption&quot;:&quot;&quot;,&quot;created_timestamp&quot;:&quot;0&quot;,&quot;copyright&quot;:&quot;&quot;,&quot;focal_length&quot;:&quot;0&quot;,&quot;iso&quot;:&quot;0&quot;,&quot;shutter_speed&quot;:&quot;0&quot;,&quot;title&quot;:&quot;&quot;,&quot;orientation&quot;:&quot;1&quot;}\" data-image-title=\"aecv1\" data-image-description=\"\" data-image-caption=\"\" data-medium-file=\"https:\/\/i0.wp.com\/www.ejeatb.es\/wp-content\/uploads\/2014\/01\/aecv1.jpg?fit=500%2C128&amp;ssl=1\" data-large-file=\"https:\/\/i0.wp.com\/www.ejeatb.es\/wp-content\/uploads\/2014\/01\/aecv1.jpg?fit=584%2C149&amp;ssl=1\" class=\"alignnone wp-image-332 size-full\" src=\"https:\/\/i0.wp.com\/www.ejeatb.es\/wp-content\/uploads\/2014\/01\/aecv1.jpg?resize=584%2C149&#038;ssl=1\" alt=\"aecv1\" width=\"584\" height=\"149\" srcset=\"https:\/\/i0.wp.com\/www.ejeatb.es\/wp-content\/uploads\/2014\/01\/aecv1.jpg?w=980&amp;ssl=1 980w, https:\/\/i0.wp.com\/www.ejeatb.es\/wp-content\/uploads\/2014\/01\/aecv1.jpg?resize=500%2C128&amp;ssl=1 500w\" sizes=\"auto, (max-width: 584px) 100vw, 584px\" \/><\/a><\/p>\n<p>Canal de Macoga &#8211; Ferber, demostrativo de las instalaciones de granjas llave en mano.<\/p>\n<p><a href=\"http:\/\/vimeopro.com\/ejeatb\/macoga-ferber\" target=\"_blank\" rel=\"noopener noreferrer\"><img data-recalc-dims=\"1\" loading=\"lazy\" decoding=\"async\" data-attachment-id=\"305\" data-permalink=\"https:\/\/www.ejeatb.es\/?attachment_id=305\" data-orig-file=\"https:\/\/i0.wp.com\/www.ejeatb.es\/wp-content\/uploads\/2014\/01\/BANER-MACOGA2.png?fit=958%2C300&amp;ssl=1\" data-orig-size=\"958,300\" data-comments-opened=\"0\" data-image-meta=\"{&quot;aperture&quot;:&quot;0&quot;,&quot;credit&quot;:&quot;&quot;,&quot;camera&quot;:&quot;&quot;,&quot;caption&quot;:&quot;&quot;,&quot;created_timestamp&quot;:&quot;0&quot;,&quot;copyright&quot;:&quot;&quot;,&quot;focal_length&quot;:&quot;0&quot;,&quot;iso&quot;:&quot;0&quot;,&quot;shutter_speed&quot;:&quot;0&quot;,&quot;title&quot;:&quot;&quot;,&quot;orientation&quot;:&quot;0&quot;}\" data-image-title=\"BANER MACOGA\" data-image-description=\"\" data-image-caption=\"\" data-medium-file=\"https:\/\/i0.wp.com\/www.ejeatb.es\/wp-content\/uploads\/2014\/01\/BANER-MACOGA2.png?fit=500%2C157&amp;ssl=1\" data-large-file=\"https:\/\/i0.wp.com\/www.ejeatb.es\/wp-content\/uploads\/2014\/01\/BANER-MACOGA2.png?fit=584%2C183&amp;ssl=1\" class=\"alignnone wp-image-305 size-full\" src=\"https:\/\/i0.wp.com\/www.ejeatb.es\/wp-content\/uploads\/2014\/01\/BANER-MACOGA2.png?resize=584%2C183&#038;ssl=1\" alt=\"BANER MACOGA\" width=\"584\" height=\"183\" srcset=\"https:\/\/i0.wp.com\/www.ejeatb.es\/wp-content\/uploads\/2014\/01\/BANER-MACOGA2.png?w=958&amp;ssl=1 958w, https:\/\/i0.wp.com\/www.ejeatb.es\/wp-content\/uploads\/2014\/01\/BANER-MACOGA2.png?resize=500%2C157&amp;ssl=1 500w\" sizes=\"auto, (max-width: 584px) 100vw, 584px\" \/><\/a><\/p>\n<p>Canal del Club Rugby Ejea<\/p>\n<p>Este canal alberga todos los partidos disputados por el Club Rugby Ejea, as\u00ed como otro tipo de actividades de tipo social que este club lleva a cabo.<\/p>\n<p><a title=\"Club Rugby Ejea\" href=\"https:\/\/vimeo.com\/channels\/rugbyejea\" target=\"_blank\" rel=\"noopener noreferrer\"><img data-recalc-dims=\"1\" loading=\"lazy\" decoding=\"async\" data-attachment-id=\"290\" data-permalink=\"https:\/\/www.ejeatb.es\/?attachment_id=290\" data-orig-file=\"https:\/\/i0.wp.com\/www.ejeatb.es\/wp-content\/uploads\/2014\/01\/baner-rugby.png?fit=980%2C250&amp;ssl=1\" data-orig-size=\"980,250\" data-comments-opened=\"0\" data-image-meta=\"{&quot;aperture&quot;:&quot;0&quot;,&quot;credit&quot;:&quot;&quot;,&quot;camera&quot;:&quot;&quot;,&quot;caption&quot;:&quot;&quot;,&quot;created_timestamp&quot;:&quot;0&quot;,&quot;copyright&quot;:&quot;&quot;,&quot;focal_length&quot;:&quot;0&quot;,&quot;iso&quot;:&quot;0&quot;,&quot;shutter_speed&quot;:&quot;0&quot;,&quot;title&quot;:&quot;&quot;,&quot;orientation&quot;:&quot;0&quot;}\" data-image-title=\"baner rugby\" data-image-description=\"\" data-image-caption=\"\" data-medium-file=\"https:\/\/i0.wp.com\/www.ejeatb.es\/wp-content\/uploads\/2014\/01\/baner-rugby.png?fit=500%2C127&amp;ssl=1\" data-large-file=\"https:\/\/i0.wp.com\/www.ejeatb.es\/wp-content\/uploads\/2014\/01\/baner-rugby.png?fit=584%2C149&amp;ssl=1\" class=\"alignnone wp-image-290 size-full\" src=\"https:\/\/i0.wp.com\/www.ejeatb.es\/wp-content\/uploads\/2014\/01\/baner-rugby.png?resize=584%2C149&#038;ssl=1\" alt=\"baner rugby\" width=\"584\" height=\"149\" srcset=\"https:\/\/i0.wp.com\/www.ejeatb.es\/wp-content\/uploads\/2014\/01\/baner-rugby.png?w=980&amp;ssl=1 980w, https:\/\/i0.wp.com\/www.ejeatb.es\/wp-content\/uploads\/2014\/01\/baner-rugby.png?resize=500%2C127&amp;ssl=1 500w\" sizes=\"auto, (max-width: 584px) 100vw, 584px\" \/><\/a><\/p>\n<p>Canal Ejea de los Caballeros y sus Pueblos&#8221;<\/p>\n<p>Audiovisual realizado para el ayuntamiento de Ejea de los Caballeros, para el conocimiento y promoci\u00f3n de\u00a0los pueblos y barrios que lo componen.<\/p>\n<p><a title=\"Ejea de los Caballeros y sus Pueblos\" href=\"http:\/\/vimeopro.com\/ejeatb\/ejea-y-sus-pueblos\" target=\"_blank\" rel=\"noopener noreferrer\"><img data-recalc-dims=\"1\" loading=\"lazy\" decoding=\"async\" data-attachment-id=\"278\" data-permalink=\"https:\/\/www.ejeatb.es\/?attachment_id=278\" data-orig-file=\"https:\/\/i0.wp.com\/www.ejeatb.es\/wp-content\/uploads\/2014\/01\/PUEBLOS-PORTFOLIO-2.jpg?fit=980%2C250&amp;ssl=1\" data-orig-size=\"980,250\" data-comments-opened=\"0\" data-image-meta=\"{&quot;aperture&quot;:&quot;0&quot;,&quot;credit&quot;:&quot;&quot;,&quot;camera&quot;:&quot;&quot;,&quot;caption&quot;:&quot;&quot;,&quot;created_timestamp&quot;:&quot;0&quot;,&quot;copyright&quot;:&quot;&quot;,&quot;focal_length&quot;:&quot;0&quot;,&quot;iso&quot;:&quot;0&quot;,&quot;shutter_speed&quot;:&quot;0&quot;,&quot;title&quot;:&quot;&quot;,&quot;orientation&quot;:&quot;1&quot;}\" data-image-title=\"PUEBLOS PORTFOLIO-2\" data-image-description=\"\" data-image-caption=\"\" data-medium-file=\"https:\/\/i0.wp.com\/www.ejeatb.es\/wp-content\/uploads\/2014\/01\/PUEBLOS-PORTFOLIO-2.jpg?fit=500%2C127&amp;ssl=1\" data-large-file=\"https:\/\/i0.wp.com\/www.ejeatb.es\/wp-content\/uploads\/2014\/01\/PUEBLOS-PORTFOLIO-2.jpg?fit=584%2C149&amp;ssl=1\" class=\"alignnone size-full wp-image-278\" src=\"https:\/\/i0.wp.com\/www.ejeatb.es\/wp-content\/uploads\/2014\/01\/PUEBLOS-PORTFOLIO-2.jpg?resize=584%2C149&#038;ssl=1\" alt=\"PUEBLOS PORTFOLIO-2\" width=\"584\" height=\"149\" srcset=\"https:\/\/i0.wp.com\/www.ejeatb.es\/wp-content\/uploads\/2014\/01\/PUEBLOS-PORTFOLIO-2.jpg?w=980&amp;ssl=1 980w, https:\/\/i0.wp.com\/www.ejeatb.es\/wp-content\/uploads\/2014\/01\/PUEBLOS-PORTFOLIO-2.jpg?resize=500%2C127&amp;ssl=1 500w\" sizes=\"auto, (max-width: 584px) 100vw, 584px\" \/><\/a><\/p>\n<p>Canal &#8220;Los Conciertos del Agua&#8221;<\/p>\n<p style=\"text-align: justify;\">Nueva edici\u00f3n de los CONCIERTOS DEL AGUA y renovada ilusi\u00f3n\u00a0del \u00c1rea de Cultura del Ayuntamiento de Ejea por ofrecer al p\u00fablico\u00a0un programa atractivo, un programa en el que la m\u00fasica alcance a ser espect\u00e1culo y emoci\u00f3n, descubrimiento y recuerdo, sensibilidad y\u00a0alegr\u00eda, tradici\u00f3n y contemporaneidad, viaje y permanencia\u2026<br \/><a title=\"Conciertos del Agua\" href=\"http:\/\/vimeopro.com\/ejeatb\/conciertos-del-agua-2014\" target=\"_blank\" rel=\"noopener noreferrer\"><img data-recalc-dims=\"1\" loading=\"lazy\" decoding=\"async\" data-attachment-id=\"231\" data-permalink=\"https:\/\/www.ejeatb.es\/?attachment_id=231\" data-orig-file=\"https:\/\/i0.wp.com\/www.ejeatb.es\/wp-content\/uploads\/2014\/01\/BANER.jpg?fit=958%2C300&amp;ssl=1\" data-orig-size=\"958,300\" data-comments-opened=\"0\" data-image-meta=\"{&quot;aperture&quot;:&quot;0&quot;,&quot;credit&quot;:&quot;&quot;,&quot;camera&quot;:&quot;&quot;,&quot;caption&quot;:&quot;&quot;,&quot;created_timestamp&quot;:&quot;0&quot;,&quot;copyright&quot;:&quot;&quot;,&quot;focal_length&quot;:&quot;0&quot;,&quot;iso&quot;:&quot;0&quot;,&quot;shutter_speed&quot;:&quot;0&quot;,&quot;title&quot;:&quot;&quot;}\" data-image-title=\"BANER\" data-image-description=\"\" data-image-caption=\"\" data-medium-file=\"https:\/\/i0.wp.com\/www.ejeatb.es\/wp-content\/uploads\/2014\/01\/BANER.jpg?fit=500%2C157&amp;ssl=1\" data-large-file=\"https:\/\/i0.wp.com\/www.ejeatb.es\/wp-content\/uploads\/2014\/01\/BANER.jpg?fit=584%2C183&amp;ssl=1\" class=\"alignnone size-full wp-image-231\" src=\"https:\/\/i0.wp.com\/www.ejeatb.es\/wp-content\/uploads\/2014\/01\/BANER.jpg?resize=584%2C183&#038;ssl=1\" alt=\"BANER\" width=\"584\" height=\"183\" \/><\/a><\/p>\n<p>Canal de los actos que acontecieron en Ejea de los Caballeros con motivo de la celebraci\u00f3n de las Fiestas de San Juan 2014.<\/p>\n<p><a title=\"Fiestas de San Juan 2014\" href=\"http:\/\/vimeopro.com\/ejeatb\/san-juan-2014\" target=\"_blank\" rel=\"noopener noreferrer\"><img data-recalc-dims=\"1\" loading=\"lazy\" decoding=\"async\" data-attachment-id=\"265\" data-permalink=\"https:\/\/www.ejeatb.es\/?attachment_id=265\" data-orig-file=\"https:\/\/i0.wp.com\/www.ejeatb.es\/wp-content\/uploads\/2014\/01\/BANER-SAN-JUAN.jpg?fit=958%2C300&amp;ssl=1\" data-orig-size=\"958,300\" data-comments-opened=\"0\" data-image-meta=\"{&quot;aperture&quot;:&quot;0&quot;,&quot;credit&quot;:&quot;&quot;,&quot;camera&quot;:&quot;&quot;,&quot;caption&quot;:&quot;&quot;,&quot;created_timestamp&quot;:&quot;0&quot;,&quot;copyright&quot;:&quot;&quot;,&quot;focal_length&quot;:&quot;0&quot;,&quot;iso&quot;:&quot;0&quot;,&quot;shutter_speed&quot;:&quot;0&quot;,&quot;title&quot;:&quot;&quot;}\" data-image-title=\"BANER SAN JUAN\" data-image-description=\"\" data-image-caption=\"\" data-medium-file=\"https:\/\/i0.wp.com\/www.ejeatb.es\/wp-content\/uploads\/2014\/01\/BANER-SAN-JUAN.jpg?fit=500%2C157&amp;ssl=1\" data-large-file=\"https:\/\/i0.wp.com\/www.ejeatb.es\/wp-content\/uploads\/2014\/01\/BANER-SAN-JUAN.jpg?fit=584%2C183&amp;ssl=1\" class=\"alignnone size-full wp-image-265\" src=\"https:\/\/i0.wp.com\/www.ejeatb.es\/wp-content\/uploads\/2014\/01\/BANER-SAN-JUAN.jpg?resize=584%2C183&#038;ssl=1\" alt=\"BANER SAN JUAN\" width=\"584\" height=\"183\" \/><\/a><\/p>\n<p>III Jornadas Fernandinas de Sos del Rey Cat\u00f3lico<\/p>\n<p><a title=\"III Jornadas Fernandinas\" href=\"http:\/\/vimeopro.com\/ejeatb\/iii-jornadas-fernandinas\" target=\"_blank\" rel=\"noopener noreferrer\"><img data-recalc-dims=\"1\" loading=\"lazy\" decoding=\"async\" data-attachment-id=\"269\" data-permalink=\"https:\/\/www.ejeatb.es\/?attachment_id=269\" data-orig-file=\"https:\/\/i0.wp.com\/www.ejeatb.es\/wp-content\/uploads\/2014\/01\/baner_fernandino3.png?fit=920%2C300&amp;ssl=1\" data-orig-size=\"920,300\" data-comments-opened=\"0\" data-image-meta=\"{&quot;aperture&quot;:&quot;0&quot;,&quot;credit&quot;:&quot;&quot;,&quot;camera&quot;:&quot;&quot;,&quot;caption&quot;:&quot;&quot;,&quot;created_timestamp&quot;:&quot;0&quot;,&quot;copyright&quot;:&quot;&quot;,&quot;focal_length&quot;:&quot;0&quot;,&quot;iso&quot;:&quot;0&quot;,&quot;shutter_speed&quot;:&quot;0&quot;,&quot;title&quot;:&quot;&quot;}\" data-image-title=\"baner_fernandino3\" data-image-description=\"\" data-image-caption=\"\" data-medium-file=\"https:\/\/i0.wp.com\/www.ejeatb.es\/wp-content\/uploads\/2014\/01\/baner_fernandino3.png?fit=500%2C163&amp;ssl=1\" data-large-file=\"https:\/\/i0.wp.com\/www.ejeatb.es\/wp-content\/uploads\/2014\/01\/baner_fernandino3.png?fit=584%2C190&amp;ssl=1\" class=\"alignnone wp-image-269\" src=\"https:\/\/i0.wp.com\/www.ejeatb.es\/wp-content\/uploads\/2014\/01\/baner_fernandino3.png?resize=584%2C190&#038;ssl=1\" alt=\"baner_fernandino3\" width=\"584\" height=\"190\" srcset=\"https:\/\/i0.wp.com\/www.ejeatb.es\/wp-content\/uploads\/2014\/01\/baner_fernandino3.png?resize=500%2C163&amp;ssl=1 500w, https:\/\/i0.wp.com\/www.ejeatb.es\/wp-content\/uploads\/2014\/01\/baner_fernandino3.png?w=920&amp;ssl=1 920w\" sizes=\"auto, (max-width: 584px) 100vw, 584px\" \/><\/a><\/p>\n<p>Canal v\u00eddeo-cat\u00e1logo de los accesorios para las Palas Ten\u00edas,<br \/><a href=\"http:\/\/vimeopro.com\/ejeatb\/tenias\" target=\"_blank\" rel=\"noopener noreferrer\"><img data-recalc-dims=\"1\" loading=\"lazy\" decoding=\"async\" data-attachment-id=\"156\" data-permalink=\"https:\/\/www.ejeatb.es\/?attachment_id=156\" data-orig-file=\"https:\/\/i0.wp.com\/www.ejeatb.es\/wp-content\/uploads\/2014\/01\/BANER-CANAL.png?fit=980%2C250&amp;ssl=1\" data-orig-size=\"980,250\" data-comments-opened=\"0\" data-image-meta=\"{&quot;aperture&quot;:&quot;0&quot;,&quot;credit&quot;:&quot;&quot;,&quot;camera&quot;:&quot;&quot;,&quot;caption&quot;:&quot;&quot;,&quot;created_timestamp&quot;:&quot;0&quot;,&quot;copyright&quot;:&quot;&quot;,&quot;focal_length&quot;:&quot;0&quot;,&quot;iso&quot;:&quot;0&quot;,&quot;shutter_speed&quot;:&quot;0&quot;,&quot;title&quot;:&quot;&quot;}\" data-image-title=\"BANER CANAL\" data-image-description=\"\" data-image-caption=\"\" data-medium-file=\"https:\/\/i0.wp.com\/www.ejeatb.es\/wp-content\/uploads\/2014\/01\/BANER-CANAL.png?fit=500%2C127&amp;ssl=1\" data-large-file=\"https:\/\/i0.wp.com\/www.ejeatb.es\/wp-content\/uploads\/2014\/01\/BANER-CANAL.png?fit=584%2C149&amp;ssl=1\" class=\"alignnone wp-image-156 size-full\" src=\"https:\/\/i0.wp.com\/www.ejeatb.es\/wp-content\/uploads\/2014\/01\/BANER-CANAL.png?resize=584%2C149&#038;ssl=1\" alt=\"BANER CANAL\" width=\"584\" height=\"149\" srcset=\"https:\/\/i0.wp.com\/www.ejeatb.es\/wp-content\/uploads\/2014\/01\/BANER-CANAL.png?w=980&amp;ssl=1 980w, https:\/\/i0.wp.com\/www.ejeatb.es\/wp-content\/uploads\/2014\/01\/BANER-CANAL.png?resize=500%2C127&amp;ssl=1 500w\" sizes=\"auto, (max-width: 584px) 100vw, 584px\" \/><\/a><\/p>\n<p>\u00a0<\/p>\n<p>Canal Bodegas Ejeanas<\/p>\n<p><a href=\"http:\/\/vimeopro.com\/ejeatb\/bodegas-ejeanas\" target=\"_blank\" rel=\"noopener noreferrer\"><img data-recalc-dims=\"1\" loading=\"lazy\" decoding=\"async\" data-attachment-id=\"178\" data-permalink=\"https:\/\/www.ejeatb.es\/?attachment_id=178\" data-orig-file=\"https:\/\/i0.wp.com\/www.ejeatb.es\/wp-content\/uploads\/2014\/01\/BODEGAS-EJEANAS.png?fit=501%2C167&amp;ssl=1\" data-orig-size=\"501,167\" data-comments-opened=\"0\" data-image-meta=\"{&quot;aperture&quot;:&quot;0&quot;,&quot;credit&quot;:&quot;&quot;,&quot;camera&quot;:&quot;&quot;,&quot;caption&quot;:&quot;&quot;,&quot;created_timestamp&quot;:&quot;0&quot;,&quot;copyright&quot;:&quot;&quot;,&quot;focal_length&quot;:&quot;0&quot;,&quot;iso&quot;:&quot;0&quot;,&quot;shutter_speed&quot;:&quot;0&quot;,&quot;title&quot;:&quot;&quot;}\" data-image-title=\"BODEGAS-EJEANAS\" data-image-description=\"\" data-image-caption=\"\" data-medium-file=\"https:\/\/i0.wp.com\/www.ejeatb.es\/wp-content\/uploads\/2014\/01\/BODEGAS-EJEANAS.png?fit=500%2C166&amp;ssl=1\" data-large-file=\"https:\/\/i0.wp.com\/www.ejeatb.es\/wp-content\/uploads\/2014\/01\/BODEGAS-EJEANAS.png?fit=501%2C167&amp;ssl=1\" class=\"alignnone wp-image-178 size-full\" src=\"https:\/\/i0.wp.com\/www.ejeatb.es\/wp-content\/uploads\/2014\/01\/BODEGAS-EJEANAS.png?resize=501%2C167&#038;ssl=1\" alt=\"BODEGAS-EJEANAS\" width=\"501\" height=\"167\" srcset=\"https:\/\/i0.wp.com\/www.ejeatb.es\/wp-content\/uploads\/2014\/01\/BODEGAS-EJEANAS.png?w=501&amp;ssl=1 501w, https:\/\/i0.wp.com\/www.ejeatb.es\/wp-content\/uploads\/2014\/01\/BODEGAS-EJEANAS.png?resize=500%2C166&amp;ssl=1 500w\" sizes=\"auto, (max-width: 501px) 100vw, 501px\" \/><\/a><\/p>\n\n\n<p><\/p>\n","protected":false},"excerpt":{"rendered":"<p>Grabaci\u00f3n videoclip &#8220;Es el Sistema&#8221; de Manolo Kabezabolo y los los ke no dan pie kon bolo. Videoclip realizado por Artur Bardav\u00edo y en el que Ejea TB realizamos la tarea de grabaci\u00f3n con dron y gimbal. XXV Marat\u00f3n de &hellip; <a href=\"https:\/\/www.ejeatb.es\/?page_id=132\">Sigue leyendo <span class=\"meta-nav\">&rarr;<\/span><\/a><\/p>\n","protected":false},"author":1,"featured_media":0,"parent":0,"menu_order":0,"comment_status":"closed","ping_status":"open","template":"","meta":{"jetpack_post_was_ever_published":false,"footnotes":""},"class_list":["post-132","page","type-page","status-publish","hentry"],"jetpack_sharing_enabled":true,"jetpack_shortlink":"https:\/\/wp.me\/P9mDtv-28","jetpack_likes_enabled":true,"jetpack-related-posts":[],"_links":{"self":[{"href":"https:\/\/www.ejeatb.es\/index.php?rest_route=\/wp\/v2\/pages\/132","targetHints":{"allow":["GET"]}}],"collection":[{"href":"https:\/\/www.ejeatb.es\/index.php?rest_route=\/wp\/v2\/pages"}],"about":[{"href":"https:\/\/www.ejeatb.es\/index.php?rest_route=\/wp\/v2\/types\/page"}],"author":[{"embeddable":true,"href":"https:\/\/www.ejeatb.es\/index.php?rest_route=\/wp\/v2\/users\/1"}],"replies":[{"embeddable":true,"href":"https:\/\/www.ejeatb.es\/index.php?rest_route=%2Fwp%2Fv2%2Fcomments&post=132"}],"version-history":[{"count":51,"href":"https:\/\/www.ejeatb.es\/index.php?rest_route=\/wp\/v2\/pages\/132\/revisions"}],"predecessor-version":[{"id":897,"href":"https:\/\/www.ejeatb.es\/index.php?rest_route=\/wp\/v2\/pages\/132\/revisions\/897"}],"wp:attachment":[{"href":"https:\/\/www.ejeatb.es\/index.php?rest_route=%2Fwp%2Fv2%2Fmedia&parent=132"}],"curies":[{"name":"wp","href":"https:\/\/api.w.org\/{rel}","templated":true}]}}